{"id":400,"date":"2025-02-10T19:14:58","date_gmt":"2025-02-10T18:14:58","guid":{"rendered":"https:\/\/www.svenskarallysportforbundet.se\/?page_id=400"},"modified":"2026-02-08T21:54:08","modified_gmt":"2026-02-08T20:54:08","slug":"nyheter","status":"publish","type":"page","link":"https:\/\/www.svenskarallysportforbundet.se\/index.php\/nyheter\/","title":{"rendered":"Nyheter"},"content":{"rendered":"\n<h2 class=\"wp-block-heading\"><strong>\u00c5rsm\u00f6te 2026 kommer h\u00e5llas i FB-gruppen Rallysportf\u00f6rbundet L\u00f6rdagen den 14: Mars till S\u00f6ndagen den 15:e Mars 2026.<\/strong><\/h2>\n\n\n\n<hr class=\"wp-block-separator has-alpha-channel-opacity\"\/>\n\n\n\n<p><strong>\u00c5RSM\u00d6TE SRSF 2025<\/strong><\/p>\n\n\n\n<p><strong>Dagordning samt m\u00f6tesprinciper f\u00f6r \u00e5rsst\u00e4mman f\u00f6r<\/strong><\/p>\n\n\n\n<p><strong>Svenska Rallysportf\u00f6rbundet g\u00e4llande \u00e5ret 2024.<\/strong><\/p>\n\n\n\n<p><strong>Tid:<\/strong> l\u00f6rdagen den 22:a februari 2025 fr\u00e5n kl. 10:00 till s\u00f6ndagen den 23:e februari 2025 kl. 16:00<\/p>\n\n\n\n<p><strong>Plats:<\/strong> Facebook i gruppen \u201c<strong>Rallysportf\u00f6rbundet<\/strong>\u201d.<\/p>\n\n\n\n<p>Alla som \u00e4r fullv\u00e4rdiga medlemmar har tilltr\u00e4de och r\u00f6str\u00e4tt. Det g\u00e4ller bara att ni kan ta er dit (till denna FB grupp. Ibland kan man ju inte heller ta sig till fysiska m\u00f6ten. H\u00e4r finns ett mycket st\u00f6rre tidsutrymme).<br><br>M\u00f6tet best\u00e5r av TRE (3) inl\u00e4gg. Detta blir ett, samt ett som inneh\u00e5ller separata kommentarer med paragraferna \u00a7110 till \u00a7120. <strong>Den tr\u00e5den kommer att st\u00e4ngas l\u00f6rdagen den 22:a Februari kl 13:00<\/strong>.<\/p>\n\n\n\n<p>Tredje inl\u00e4gget inneh\u00e5ller paragraferna \u00a7121 till \u00a7129<\/p>\n\n\n\n<p>VARJE \u00a7paragraf (kommentar) kan besvaras separat. Under kommentaren finns ju knappen \u201dSvar\u201d.<\/p>\n\n\n\n<p>Tr\u00e5darna kommer att ha rubriken <strong>\u00c5RSM\u00d6TE SRSF 2025 #1 Inledning, #2 \u00a7110-120 och #3 \u00a7121-129.<\/strong> L\u00e4tta att hitta om man anv\u00e4nder s\u00f6kverktyget.<\/p>\n\n\n\n<p>Kommentera en paragraf g\u00f6r man genom att \u201dsvara\u201d under den. \u00c4ven r\u00f6sta g\u00f6r man genom att skriva. Vi undviker e-mojs d\u00e5 dessa kan \u00e4ndras \u00e4ven n\u00e4r hela tr\u00e5den \u00e4r st\u00e4ngd.<\/p>\n\n\n\n<p>P\u00e5 s\u00f6ndag den 22:a februari 2025 kl. 16:00 st\u00e4nger vi tr\u00e5darna #1 och #3 vilket inneb\u00e4r att m\u00f6tet \u00e4r avslutat..<\/p>\n\n\n\n<p>Sekreteraren sammanst\u00e4ller d\u00e4refter diskussioner, svar och r\u00f6stning. Justeringsm\u00e4nnen kontrollerar.<br>Sv\u00e5rare ska det inte beh\u00f6va vara. Vi lever i 2000-talet och v\u00e4rnar om milj\u00f6n p\u00e5 v\u00e5rt s\u00e4tt genom att inte resa i on\u00f6dan.<\/p>\n\n\n\n<p>Bara f\u00f6r att vi vill att rallysporten ska vara l\u00e4ttare tillg\u00e4nglig betyder inte det att vi \u00e4r bak\u00e5tstr\u00e4vare. Tv\u00e4rtom ska vi vara \u00f6ppna f\u00f6r nya id\u00e9er. Framf\u00f6rallt om det inneb\u00e4r f\u00f6renklingar och l\u00e4gre kostnader.<br><br>F\u00f6r er som inte kan eller vill deltaga p\u00e5 m\u00f6tet ser vi det som om ni inte heller hade haft tid eller m\u00f6jlighet att n\u00e4rvara p\u00e5 ett fysiskt \u00e5rsm\u00f6te. Alla kan helt enkelt inte.<\/p>\n\n\n\n<p>Ni som \u00e4r motst\u00e5ndare till Facebook och andra sociala media m\u00e5ste vi respektera. Men t\u00e4nk p\u00e5 att ni kan g\u00e5 med h\u00e4r och <strong>enbart<\/strong> vara med i denna grupp. D\u00e5 slipper ni allt fl\u00f6de f\u00f6rutom det som h\u00e4nder just i v\u00e5r SRSF-grupp.<\/p>\n\n\n\n<p><strong>V\u00c4LKOMNA!<\/strong><br><\/p>\n\n\n\n<p><strong>Dagordning<\/strong><\/p>\n\n\n\n<p>\u00a7110&nbsp;&nbsp;&nbsp;&nbsp;&nbsp;&nbsp;&nbsp; <strong>M\u00f6tet \u00f6ppnas:<\/strong><\/p>\n\n\n\n<p>&nbsp;&nbsp;&nbsp;&nbsp;&nbsp;&nbsp;&nbsp;&nbsp;&nbsp;&nbsp;&nbsp;&nbsp;&nbsp;&nbsp;&nbsp;&nbsp; Kommentarsf\u00e4ltet \u00f6ppnas l\u00f6rdagen den 22:a februari fr\u00e5n kl. 10:00<\/p>\n\n\n\n<p>\u00a7111&nbsp;&nbsp;&nbsp;&nbsp;&nbsp;&nbsp;&nbsp;&nbsp; <strong>Fastst\u00e4llande av dagordning:<\/strong><\/p>\n\n\n\n<p>&nbsp;&nbsp;&nbsp;&nbsp;&nbsp;&nbsp;&nbsp;&nbsp;&nbsp;&nbsp;&nbsp;&nbsp;&nbsp;&nbsp;&nbsp;&nbsp; Enligt mailutskick.<\/p>\n\n\n\n<p>\u00a7112&nbsp;&nbsp;&nbsp;&nbsp;&nbsp;&nbsp;&nbsp; <strong>Fastst\u00e4llande av r\u00f6stl\u00e4ngd:<\/strong><\/p>\n\n\n\n<p>&nbsp;&nbsp;&nbsp;&nbsp;&nbsp;&nbsp;&nbsp;&nbsp;&nbsp;&nbsp;&nbsp;&nbsp;&nbsp;&nbsp;&nbsp;&nbsp; Enligt medlemslista i FB-gruppen.<\/p>\n\n\n\n<p>\u00a7113&nbsp;&nbsp;&nbsp;&nbsp;&nbsp;&nbsp;&nbsp;&nbsp; <strong>Fr\u00e5gan om \u00e5rsm\u00f6tets stadgeenliga utlysande:<\/strong><\/p>\n\n\n\n<p>&nbsp;&nbsp;&nbsp;&nbsp;&nbsp;&nbsp;&nbsp;&nbsp;&nbsp;&nbsp;&nbsp;&nbsp;&nbsp;&nbsp;&nbsp;&nbsp; <em>Enligt stadgarna ska det utlysas 4 veckor f\u00f6re m\u00f6tet, vilket har gjorts .<\/em><\/p>\n\n\n\n<p>\u00a7114&nbsp;&nbsp;&nbsp;&nbsp;&nbsp;&nbsp;&nbsp;&nbsp; <strong>Val av ordf\u00f6rande att leda m\u00f6tets f\u00f6rhandling:<\/strong><\/p>\n\n\n\n<p>\u00a7115&nbsp;&nbsp;&nbsp;&nbsp;&nbsp;&nbsp;&nbsp;&nbsp; <strong>Val av m\u00f6tessekreterare:<\/strong><\/p>\n\n\n\n<p>116&nbsp;&nbsp;&nbsp;&nbsp;&nbsp;&nbsp;&nbsp;&nbsp; <strong>Val av tv\u00e5 medlemmar att j\u00e4mte ordf\u00f6rande justera m\u00f6tesprotokollet:<\/strong><\/p>\n\n\n\n<p>\u00a7117&nbsp;&nbsp;&nbsp;&nbsp;&nbsp;&nbsp;&nbsp;&nbsp; <strong>Val av r\u00f6str\u00e4knare:<\/strong><\/p>\n\n\n\n<p>\u00a7118&nbsp;&nbsp;&nbsp;&nbsp;&nbsp;&nbsp; <strong>Framl\u00e4ggande av f\u00f6rvaltningsber\u00e4ttelse och revisionsber\u00e4ttelse:<\/strong>&nbsp; &nbsp;&nbsp;&nbsp;&nbsp;&nbsp;&nbsp;&nbsp;&nbsp;&nbsp;&nbsp;&nbsp;&nbsp;&nbsp;&nbsp;&nbsp;&nbsp;&nbsp;&nbsp;&nbsp;&nbsp;<\/p>\n\n\n\n<p>\u00a7119 &nbsp;&nbsp;&nbsp;&nbsp;&nbsp;&nbsp; <strong>Godk\u00e4nnande av dessa ber\u00e4ttelser:<\/strong><\/p>\n\n\n\n<p>\u00a7120&nbsp;&nbsp;&nbsp;&nbsp;&nbsp;&nbsp; <strong>Fr\u00e5gan om styrelsens ansvarsfrihet f\u00f6r det g\u00e5ngna verksamhets\u00e5ret:<\/strong><\/p>\n\n\n\n<p>\u00a7121&nbsp;&nbsp;&nbsp;&nbsp;&nbsp;&nbsp; <strong>Budget f\u00f6r 2025:<\/strong><\/p>\n\n\n\n<p>\u00a7122&nbsp;&nbsp;&nbsp;&nbsp;&nbsp;&nbsp; <strong>Tecknande av firma.<\/strong><\/p>\n\n\n\n<p>&nbsp;&nbsp;&nbsp;&nbsp;&nbsp;&nbsp;&nbsp;&nbsp;&nbsp;&nbsp;&nbsp;&nbsp;&nbsp;&nbsp;&nbsp;&nbsp; Ordf\u00f6rande och kass\u00f6r var f\u00f6r sig.<\/p>\n\n\n\n<p>\u00a7123&nbsp;&nbsp;&nbsp;&nbsp;&nbsp;&nbsp; <strong>Val.<\/strong><\/p>\n\n\n\n<p><em>Styrelsen skall best\u00e5 av ordf\u00f6rande och fyra \u00f6vriga ledam\u00f6ter samt tv\u00e5 suppleanter.<br>Ordinarie styrelseledam\u00f6ter och styrelsesuppleanter v\u00e4ljs med saxande mandatperioder p\u00e5 tv\u00e5 \u00e5r<\/em>.<\/p>\n\n\n\n<p>&nbsp;&nbsp;&nbsp;&nbsp;&nbsp;&nbsp;&nbsp;&nbsp;&nbsp;&nbsp;&nbsp;&nbsp;&nbsp;&nbsp;&nbsp;&nbsp; Styrelsen har under 2024 haft f\u00f6ljande samma sammans\u00e4ttning<\/p>\n\n\n\n<p><strong>&nbsp;&nbsp;&nbsp;&nbsp; Ordf\u00f6rande: <\/strong>Ola Str\u00f6mberg.<\/p>\n\n\n\n<p>&nbsp;&nbsp;&nbsp;&nbsp;&nbsp;&nbsp;&nbsp;&nbsp;&nbsp;&nbsp;&nbsp;&nbsp;&nbsp;&nbsp;&nbsp;&nbsp; \u00d6vriga ledam\u00f6ter:<\/p>\n\n\n\n<p>&nbsp;&nbsp;&nbsp;&nbsp;&nbsp;&nbsp;&nbsp;&nbsp;&nbsp;&nbsp;&nbsp;&nbsp;&nbsp;&nbsp;&nbsp;&nbsp; <strong>Kjell Stegefors <\/strong>(Vise ordf. avg\u00e5ende)<\/p>\n\n\n\n<p>&nbsp;&nbsp;&nbsp;&nbsp;&nbsp;&nbsp;&nbsp;&nbsp;&nbsp;&nbsp;&nbsp;&nbsp;&nbsp;&nbsp;&nbsp;&nbsp; <strong>Brittmarie \u00c5lund<\/strong> (Kass\u00f6r, avg\u00e5ende)<\/p>\n\n\n\n<p>&nbsp;&nbsp;&nbsp;&nbsp;&nbsp;&nbsp;&nbsp;&nbsp;&nbsp;&nbsp;&nbsp;&nbsp;&nbsp;&nbsp;&nbsp;&nbsp; <strong>Joacim Rydin <\/strong>(ett \u00e5r kvar)<\/p>\n\n\n\n<p><strong>&nbsp;&nbsp;&nbsp;&nbsp;&nbsp;&nbsp;&nbsp;&nbsp;&nbsp;&nbsp;&nbsp;&nbsp;&nbsp;&nbsp;&nbsp;&nbsp; Roger Johnsson <\/strong>(avg\u00e5ende)<\/p>\n\n\n\n<p><strong>&nbsp;&nbsp;&nbsp;&nbsp;&nbsp;&nbsp;&nbsp;&nbsp; &nbsp;&nbsp;&nbsp;&nbsp;&nbsp;&nbsp; <\/strong>Styrelsesuppleanter:<\/p>\n\n\n\n<p>&nbsp;&nbsp;&nbsp;&nbsp;&nbsp;&nbsp;&nbsp;&nbsp; &nbsp;&nbsp;&nbsp;&nbsp;&nbsp;&nbsp; <strong>\u00c5ke \u00c5str\u00f6m<\/strong> &nbsp;(Sekreterare, ett \u00e5r kvar)<\/p>\n\n\n\n<p>\u00a7124&nbsp;&nbsp;&nbsp;&nbsp;&nbsp;&nbsp; <strong>Val av ordf\u00f6rande. (2 \u00e5r)<\/strong><\/p>\n\n\n\n<p>\u00a7125&nbsp;&nbsp;&nbsp;&nbsp;&nbsp;&nbsp; <strong>Val av \u00f6vriga ledam\u00f6ter.<\/strong><\/p>\n\n\n\n<p><strong>&nbsp;&nbsp;&nbsp;&nbsp;&nbsp;&nbsp;&nbsp;&nbsp;&nbsp;&nbsp;&nbsp;&nbsp;&nbsp;&nbsp;&nbsp;&nbsp; Joacim Rydin <\/strong>(Ett \u00e5r kvar)<\/p>\n\n\n\n<p><em>F\u00f6rslag fr\u00e5n valberedningen p\u00e5 tv\u00e5 ledam\u00f6ter att v\u00e4ljas p\u00e5 tv\u00e5 \u00e5r och fyllnadsval en person ett \u00e5r.<\/em><\/p>\n\n\n\n<p>\u00a7126&nbsp;&nbsp;&nbsp;&nbsp;&nbsp;&nbsp;&nbsp;&nbsp; <strong>Val av <\/strong><strong>Styrelsesuppleanter:<\/strong><\/p>\n\n\n\n<p><strong>&nbsp;&nbsp;&nbsp;&nbsp;&nbsp;&nbsp;&nbsp;&nbsp;&nbsp;&nbsp;&nbsp;&nbsp;&nbsp;&nbsp;&nbsp;&nbsp; \u00c5ke \u00c5str\u00f6m <\/strong>(Ett \u00e5r kvar)<\/p>\n\n\n\n<p>&nbsp;&nbsp;&nbsp;&nbsp;&nbsp;&nbsp;&nbsp;&nbsp;&nbsp;&nbsp;&nbsp;&nbsp;&nbsp;&nbsp;&nbsp;&nbsp; <em>F\u00f6rslag fr\u00e5n valberedningen p\u00e5 styrelsesuppleant att v\u00e4ljas p\u00e5 tv\u00e5 \u00e5r.<\/em><\/p>\n\n\n\n<p>\u00a7127&nbsp;&nbsp;&nbsp;&nbsp;&nbsp; <strong>&nbsp; Val av ledam\u00f6ter till valberedning<\/strong><\/p>\n\n\n\n<p>&nbsp;&nbsp;&nbsp;&nbsp;&nbsp;&nbsp;&nbsp;&nbsp;&nbsp;&nbsp;&nbsp;&nbsp;&nbsp;&nbsp;&nbsp;&nbsp; <em>Valberedningen skall best\u00e5 av ordf\u00f6rande och minst en \u00f6vrig ledamot.<\/em><\/p>\n\n\n\n<p><em>&nbsp;&nbsp;&nbsp;&nbsp;&nbsp;&nbsp;&nbsp;&nbsp;&nbsp;&nbsp;&nbsp;&nbsp;&nbsp;&nbsp;&nbsp;&nbsp; Valberedningen v\u00e4ljs med saxade mandatperioder p\u00e5 tv\u00e5 \u00e5r.<\/em><\/p>\n\n\n\n<p>&nbsp;&nbsp;&nbsp;&nbsp;&nbsp;&nbsp;&nbsp;&nbsp;&nbsp;&nbsp;&nbsp; &nbsp;&nbsp;&nbsp;&nbsp;&nbsp;&nbsp;&nbsp;&nbsp; <strong>Jan Erik Eriksson <\/strong>(Ett \u00e5r kvar)<strong><\/strong><\/p>\n\n\n\n<p>&nbsp;&nbsp;&nbsp;&nbsp;&nbsp;&nbsp;&nbsp;&nbsp;&nbsp;&nbsp;&nbsp;&nbsp;&nbsp;&nbsp;&nbsp;&nbsp; F\u00f6rslag fr\u00e5n <strong>m\u00f6tet<\/strong> p\u00e5 en ledamot i valberedningen att v\u00e4ljas p\u00e5 tv\u00e5 \u00e5r.<\/p>\n\n\n\n<p>\u00a7128&nbsp;&nbsp;&nbsp;&nbsp;&nbsp;&nbsp; <strong>Val av revisor samt revisorssuppleant.<\/strong><\/p>\n\n\n\n<p>&nbsp;&nbsp;&nbsp;&nbsp;&nbsp;&nbsp;&nbsp;&nbsp;&nbsp;&nbsp;&nbsp;&nbsp;&nbsp;&nbsp;&nbsp;&nbsp; <em>Skall vara en ordinarie revisor och en suppleant.<\/em><\/p>\n\n\n\n<p>&nbsp;&nbsp;&nbsp;&nbsp;&nbsp;&nbsp;&nbsp;&nbsp;&nbsp;&nbsp;&nbsp;&nbsp;&nbsp;&nbsp;&nbsp;&nbsp; <strong>Kenneth Ljunggren <\/strong>(Suppleant, Ett \u00e5r kvar)<\/p>\n\n\n\n<p>&nbsp;&nbsp;&nbsp;&nbsp;&nbsp;&nbsp;&nbsp;&nbsp;&nbsp;&nbsp;&nbsp;&nbsp;&nbsp;&nbsp;&nbsp;&nbsp; <em>F\u00f6rslag fr\u00e5n valberedningen p\u00e5 en revisor att v\u00e4ljas p\u00e5 tv\u00e5 \u00e5r<\/em><\/p>\n\n\n\n<p>\u00a7129&nbsp;&nbsp;&nbsp;&nbsp;&nbsp;&nbsp; <strong>M\u00f6tet avslutas.<\/strong>&nbsp;&nbsp; &nbsp;&nbsp;&nbsp;&nbsp;&nbsp;&nbsp;&nbsp;&nbsp;&nbsp;&nbsp;&nbsp;&nbsp;&nbsp;&nbsp;&nbsp;&nbsp;&nbsp;&nbsp; <strong>&nbsp;<\/strong><\/p>\n\n\n\n<p>&nbsp;&nbsp;&nbsp;&nbsp;&nbsp;&nbsp;&nbsp;&nbsp;&nbsp;&nbsp;&nbsp;&nbsp;&nbsp;&nbsp;&nbsp;&nbsp;&nbsp;&nbsp;&nbsp;&nbsp;&nbsp; Kommentarsf\u00e4lten st\u00e4ngs<\/p>\n","protected":false},"excerpt":{"rendered":"<p>\u00c5rsm\u00f6te 2026 kommer h\u00e5llas i FB-gruppen Rallysportf\u00f6rbundet L\u00f6rdagen den 14: Mars till S\u00f6ndagen den 15:e Mars 2026. \u00c5RSM\u00d6TE SRSF 2025 Dagordning samt m\u00f6tesprinciper f\u00f6r \u00e5rsst\u00e4mman f\u00f6r Svenska Rallysportf\u00f6rbundet g\u00e4llande \u00e5ret 2024. Tid: l\u00f6rdagen den 22:a februari 2025 fr\u00e5n kl. 10:00 &hellip; <a href=\"https:\/\/www.svenskarallysportforbundet.se\/index.php\/nyheter\/\">Forts\u00e4tt l\u00e4sa <span class=\"meta-nav\">&rarr;<\/span><\/a><\/p>\n","protected":false},"author":1,"featured_media":0,"parent":0,"menu_order":0,"comment_status":"closed","ping_status":"closed","template":"","meta":{"footnotes":""},"class_list":["post-400","page","type-page","status-publish","hentry"],"_links":{"self":[{"href":"https:\/\/www.svenskarallysportforbundet.se\/index.php\/wp-json\/wp\/v2\/pages\/400","targetHints":{"allow":["GET"]}}],"collection":[{"href":"https:\/\/www.svenskarallysportforbundet.se\/index.php\/wp-json\/wp\/v2\/pages"}],"about":[{"href":"https:\/\/www.svenskarallysportforbundet.se\/index.php\/wp-json\/wp\/v2\/types\/page"}],"author":[{"embeddable":true,"href":"https:\/\/www.svenskarallysportforbundet.se\/index.php\/wp-json\/wp\/v2\/users\/1"}],"replies":[{"embeddable":true,"href":"https:\/\/www.svenskarallysportforbundet.se\/index.php\/wp-json\/wp\/v2\/comments?post=400"}],"version-history":[{"count":4,"href":"https:\/\/www.svenskarallysportforbundet.se\/index.php\/wp-json\/wp\/v2\/pages\/400\/revisions"}],"predecessor-version":[{"id":410,"href":"https:\/\/www.svenskarallysportforbundet.se\/index.php\/wp-json\/wp\/v2\/pages\/400\/revisions\/410"}],"wp:attachment":[{"href":"https:\/\/www.svenskarallysportforbundet.se\/index.php\/wp-json\/wp\/v2\/media?parent=400"}],"curies":[{"name":"wp","href":"https:\/\/api.w.org\/{rel}","templated":true}]}}